{"id":14161,"date":"2024-07-22T15:08:57","date_gmt":"2024-07-22T15:08:57","guid":{"rendered":"https:\/\/cafesantahelena.alivanstudio.com\/?post_type=product&#038;p=14161"},"modified":"2025-01-25T18:07:26","modified_gmt":"2025-01-25T18:07:26","slug":"caffe-macinato-bio","status":"publish","type":"product","link":"https:\/\/cafesantahelena.com\/it\/products\/caffe-macinato-bio\/","title":{"rendered":"Caff\u00e8 Macinato Bio"},"content":{"rendered":"<h2 style=\"text-align: left;\"><span style=\"font-size: 12pt; color: #000000;\"><strong>Caff\u00e8 Macinato Bio<\/strong><\/span><\/h2>\n<p style=\"text-align: left;\"><span style=\"font-size: 12pt; color: #000000;\"><strong>Caff\u00e8 Speciale 85 punti SCA- 100% Bio Arabica, Origine Singola<\/strong><\/span><\/p>\n<p class=\"p1\"><span style=\"color: #000000;\"><strong><span class=\"s1\" style=\"font-size: 12pt;\">Torrefazione Lenta Artigianale in una tostatrice a legna<\/span><\/strong><\/span><\/p>\n<p>&nbsp;<\/p>\n<p><span style=\"color: #800000;\"><strong style=\"text-align: center; font-size: 14pt;\">Le caratteristiche del caff\u00e8<\/strong><span style=\"text-align: center; font-size: 14pt;\">:<\/span><\/span><\/p>\n<p><span style=\"color: #000000;\"><strong style=\"font-size: 12pt;\">Variet\u00e0 botanica: <\/strong>Arabica (Catuai Vermelho)<\/span><\/p>\n<p><span style=\"font-size: 12pt; color: #000000;\"><strong>Provenienza : <\/strong>Brasile<\/span><\/p>\n<p><span style=\"font-size: 12pt; color: #000000;\"><strong>Raccolta :<\/strong> Manuale<\/span><span style=\"font-size: 12pt; color: #000000;\"><strong>Essicatura: <\/strong>Al Sole<\/span><span style=\"font-size: 12pt; color: #000000;\"><strong>Torrefazione: <\/strong>Lenta Artigianale in una tostatrice a legna.<\/span><strong>Intensit\u00e0: <\/strong>Media Per chi preferisce un caff\u00e8 pi\u00f9 morbido, che preservi il sapore naturale del caff\u00e8, la tostatura \u00e8 media. <\/p>\n<p style=\"text-align: left;\"><span style=\"color: #000000;\"><b style=\"\">Ingredienti:<\/b> caff\u00e8 macinato bio 100% Arabica. Confezione da 250 g <\/span><br \/>\n<span style=\"color: #000000;\"><span style=\"font-size: 12pt;\">Caff\u00e8 macinato specialmente per <\/span><b style=\"font-size: 12pt;\">Moka, filtro <\/b><span style=\"font-size: 12pt;\">o simili.<\/span><\/span><\/p>\n<p style=\"text-align: center;\"><strong style=\"color: #800000; font-size: 12pt; text-align: center;\">Soprattutto, un caff\u00e8 \u00e8 divertente<\/strong><span style=\"color: #800000; font-size: 12pt; text-align: center;\">!<\/span><\/p>\n<p style=\"text-align: center;\"><span style=\"color: #000000;\"><strong><span style=\"font-size: 12pt;\">\u00c8 un piacere che risveglia tutti i sensi: bello da vedere, piacevole da annusare e sicuramente delizioso da gustare.<\/p>\n<p><\/span><\/strong><\/span><\/p>\n<h3><\/h3>\n<h3 style=\"text-align: center;\"><span style=\"color: #800000;\"><em><strong><span style=\"font-size: 18pt;\">Se ami il caff\u00e8 prova questo sano caff\u00e8 biologico!<\/span><\/strong><\/em><\/span><\/h3>\n<h3 style=\"text-align: center;\"><a href=\"?add-to-cart=14135\"><span style=\"color: #800000;\"><em><strong><span style=\"font-size: 24pt;\">Aggiungi al carrello!<\/span><\/strong><\/em><\/span><\/a><\/h3>\n<p><img decoding=\"async\" class=\"alignnone wp-image-15375 aligncenter\" src=\"https:\/\/cafesantahelena.com\/wp-content\/uploads\/2024\/11\/logo-1.png\" alt=\"Logo Caf\u00e9 Santa Helena\" width=\"171\" height=\"171\" srcset=\"https:\/\/cafesantahelena.com\/wp-content\/uploads\/2024\/11\/logo-1.png 300w, https:\/\/cafesantahelena.com\/wp-content\/uploads\/2024\/11\/logo-1-100x100.png 100w, https:\/\/cafesantahelena.com\/wp-content\/uploads\/2024\/11\/logo-1-64x64.png 64w, https:\/\/cafesantahelena.com\/wp-content\/uploads\/2024\/11\/logo-1-150x150.png 150w\" sizes=\"(max-width: 171px) 100vw, 171px\" \/><\/p>\n<p>&nbsp;<\/p>\n<h3 style=\"text-align: center;\"><span style=\"font-size: 24pt; color: #800000;\"><em><strong>Ti potrebbe interessare anche<\/strong><\/em><\/span><\/h3>\n<p style=\"text-align: center;\"><a href=\"https:\/\/cafesantahelena.com\/products\/electrical-kettle-brewista\/\"><img fetchpriority=\"high\" decoding=\"async\" class=\"alignnone size-medium wp-image-14596\" src=\"https:\/\/cafesantahelena.com\/wp-content\/uploads\/2024\/07\/image13-233x300.jpeg\" alt=\"Bollitore elettrico\" width=\"233\" height=\"300\"><\/a><\/p>\n<p>&nbsp;<\/p>\n","protected":false},"excerpt":{"rendered":"<p>IVA inclusa. Costi di spedizionealla cassa Caff\u00e8 Speciale 100% Bio Arabica, Origine Singola dal Brasile. <b>Torrefazione Lenta Artigianale<\/b> Il caff\u00e8 ha un sapore dolce con note di caramello, cioccolato, miele, sentori di noci e frutta. Macinato appositamente per Moka, filtro o simili. Intensit\u00e0 Media <img decoding=\"async\" class=\"alignnone wp-image-14157\" src=\"https:\/\/cafesantahelena.com\/wp-content\/uploads\/2024\/07\/025D99D1-34D9-41E3-9975-494901AC3E57-300x33-2.png\" alt=\"\" width=\"218\" height=\"24\" srcset=\"https:\/\/cafesantahelena.com\/wp-content\/uploads\/2024\/07\/025D99D1-34D9-41E3-9975-494901AC3E57-300x33-2.png 300w, https:\/\/cafesantahelena.com\/wp-content\/uploads\/2024\/07\/025D99D1-34D9-41E3-9975-494901AC3E57-300x33-2-64x7.png 64w\" sizes=\"(max-width: 218px) 100vw, 218px\" \/> Confezione 250g<\/p>\n","protected":false},"featured_media":17224,"comment_status":"open","ping_status":"closed","template":"","meta":[],"product_brand":[],"product_cat":[188,192],"product_tag":[316,218,374],"class_list":{"0":"post-14161","1":"product","2":"type-product","3":"status-publish","4":"has-post-thumbnail","6":"product_cat-caffe","7":"product_cat-caffe-macinato","8":"product_tag-caffe-bio-it","9":"product_tag-caffe-macinato-it","10":"product_tag-caffe-macinato-bio","12":"first","13":"instock","14":"featured","15":"shipping-taxable","16":"purchasable","17":"product-type-simple"},"yoast_head":"<!-- This site is optimized with the Yoast SEO plugin v26.4 - https:\/\/yoast.com\/wordpress\/plugins\/seo\/ -->\n<title>Caff\u00e8 Macinato Bio - Caf\u00e9 Santa Helena<\/title>\n<meta name=\"description\" content=\"Caff\u00e8 speciale macinato. 100% Bio Arabica, origine singola dal Brasile. Confezione da 250g. Torrefazione Lenta Artigianale in una tostatrice a legna Grado di Tostatura: medio.\" \/>\n<meta name=\"robots\" content=\"index, follow, max-snippet:-1, max-image-preview:large, max-video-preview:-1\" \/>\n<link rel=\"canonical\" href=\"https:\/\/cafesantahelena.com\/it\/products\/caffe-macinato-bio\/\" \/>\n<meta property=\"og:locale\" content=\"it_IT\" \/>\n<meta property=\"og:type\" content=\"article\" \/>\n<meta property=\"og:title\" content=\"Caff\u00e8 Macinato Bio - Caf\u00e9 Santa Helena\" \/>\n<meta property=\"og:description\" content=\"Caff\u00e8 speciale macinato. 100% Bio Arabica, origine singola dal Brasile. Confezione da 250g. Torrefazione Lenta Artigianale in una tostatrice a legna Grado di Tostatura: medio.\" \/>\n<meta property=\"og:url\" content=\"https:\/\/cafesantahelena.com\/it\/products\/caffe-macinato-bio\/\" \/>\n<meta property=\"og:site_name\" content=\"Caf\u00e9 Santa Helena\" \/>\n<meta property=\"article:modified_time\" content=\"2025-01-25T18:07:26+00:00\" \/>\n<meta property=\"og:image\" content=\"https:\/\/cafesantahelena.com\/wp-content\/uploads\/2024\/07\/Specialty-coffee-ground.webp\" \/>\n\t<meta property=\"og:image:width\" content=\"350\" \/>\n\t<meta property=\"og:image:height\" content=\"450\" \/>\n\t<meta property=\"og:image:type\" content=\"image\/webp\" \/>\n<meta name=\"twitter:card\" content=\"summary_large_image\" \/>\n<meta name=\"twitter:label1\" content=\"Tempo di lettura stimato\" \/>\n\t<meta name=\"twitter:data1\" content=\"2 minuti\" \/>\n<script type=\"application\/ld+json\" class=\"yoast-schema-graph\">{\"@context\":\"https:\/\/schema.org\",\"@graph\":[{\"@type\":\"WebPage\",\"@id\":\"https:\/\/cafesantahelena.com\/it\/products\/caffe-macinato-bio\/\",\"url\":\"https:\/\/cafesantahelena.com\/it\/products\/caffe-macinato-bio\/\",\"name\":\"Caff\u00e8 Macinato Bio - Caf\u00e9 Santa Helena\",\"isPartOf\":{\"@id\":\"https:\/\/cafesantahelena.com\/#website\"},\"primaryImageOfPage\":{\"@id\":\"https:\/\/cafesantahelena.com\/it\/products\/caffe-macinato-bio\/#primaryimage\"},\"image\":{\"@id\":\"https:\/\/cafesantahelena.com\/it\/products\/caffe-macinato-bio\/#primaryimage\"},\"thumbnailUrl\":\"https:\/\/cafesantahelena.com\/wp-content\/uploads\/2024\/07\/Specialty-coffee-ground.webp\",\"datePublished\":\"2024-07-22T15:08:57+00:00\",\"dateModified\":\"2025-01-25T18:07:26+00:00\",\"description\":\"Caff\u00e8 speciale macinato. 100% Bio Arabica, origine singola dal Brasile. Confezione da 250g. Torrefazione Lenta Artigianale in una tostatrice a legna Grado di Tostatura: medio.\",\"breadcrumb\":{\"@id\":\"https:\/\/cafesantahelena.com\/it\/products\/caffe-macinato-bio\/#breadcrumb\"},\"inLanguage\":\"it-IT\",\"potentialAction\":[{\"@type\":\"ReadAction\",\"target\":[\"https:\/\/cafesantahelena.com\/it\/products\/caffe-macinato-bio\/\"]}]},{\"@type\":\"ImageObject\",\"inLanguage\":\"it-IT\",\"@id\":\"https:\/\/cafesantahelena.com\/it\/products\/caffe-macinato-bio\/#primaryimage\",\"url\":\"https:\/\/cafesantahelena.com\/wp-content\/uploads\/2024\/07\/Specialty-coffee-ground.webp\",\"contentUrl\":\"https:\/\/cafesantahelena.com\/wp-content\/uploads\/2024\/07\/Specialty-coffee-ground.webp\",\"width\":350,\"height\":450,\"caption\":\"caff\u00e8 macinato bio\"},{\"@type\":\"BreadcrumbList\",\"@id\":\"https:\/\/cafesantahelena.com\/it\/products\/caffe-macinato-bio\/#breadcrumb\",\"itemListElement\":[{\"@type\":\"ListItem\",\"position\":1,\"name\":\"In\u00edcio\",\"item\":\"https:\/\/cafesantahelena.com\/it\/\"},{\"@type\":\"ListItem\",\"position\":2,\"name\":\"Produtos\",\"item\":\"https:\/\/cafesantahelena.com\/loja\/\"},{\"@type\":\"ListItem\",\"position\":3,\"name\":\"Caff\u00e8 Macinato Bio\"}]},{\"@type\":\"WebSite\",\"@id\":\"https:\/\/cafesantahelena.com\/#website\",\"url\":\"https:\/\/cafesantahelena.com\/\",\"name\":\"Caf\u00e9 Santa Helena\",\"description\":\"\",\"potentialAction\":[{\"@type\":\"SearchAction\",\"target\":{\"@type\":\"EntryPoint\",\"urlTemplate\":\"https:\/\/cafesantahelena.com\/?s={search_term_string}\"},\"query-input\":{\"@type\":\"PropertyValueSpecification\",\"valueRequired\":true,\"valueName\":\"search_term_string\"}}],\"inLanguage\":\"it-IT\"}]}<\/script>\n<!-- \/ Yoast SEO plugin. -->","yoast_head_json":{"title":"Caff\u00e8 Macinato Bio - Caf\u00e9 Santa Helena","description":"Caff\u00e8 speciale macinato. 100% Bio Arabica, origine singola dal Brasile. Confezione da 250g. Torrefazione Lenta Artigianale in una tostatrice a legna Grado di Tostatura: medio.","robots":{"index":"index","follow":"follow","max-snippet":"max-snippet:-1","max-image-preview":"max-image-preview:large","max-video-preview":"max-video-preview:-1"},"canonical":"https:\/\/cafesantahelena.com\/it\/products\/caffe-macinato-bio\/","og_locale":"it_IT","og_type":"article","og_title":"Caff\u00e8 Macinato Bio - Caf\u00e9 Santa Helena","og_description":"Caff\u00e8 speciale macinato. 100% Bio Arabica, origine singola dal Brasile. Confezione da 250g. Torrefazione Lenta Artigianale in una tostatrice a legna Grado di Tostatura: medio.","og_url":"https:\/\/cafesantahelena.com\/it\/products\/caffe-macinato-bio\/","og_site_name":"Caf\u00e9 Santa Helena","article_modified_time":"2025-01-25T18:07:26+00:00","og_image":[{"width":350,"height":450,"url":"https:\/\/cafesantahelena.com\/wp-content\/uploads\/2024\/07\/Specialty-coffee-ground.webp","type":"image\/webp"}],"twitter_card":"summary_large_image","twitter_misc":{"Tempo di lettura stimato":"2 minuti"},"schema":{"@context":"https:\/\/schema.org","@graph":[{"@type":"WebPage","@id":"https:\/\/cafesantahelena.com\/it\/products\/caffe-macinato-bio\/","url":"https:\/\/cafesantahelena.com\/it\/products\/caffe-macinato-bio\/","name":"Caff\u00e8 Macinato Bio - Caf\u00e9 Santa Helena","isPartOf":{"@id":"https:\/\/cafesantahelena.com\/#website"},"primaryImageOfPage":{"@id":"https:\/\/cafesantahelena.com\/it\/products\/caffe-macinato-bio\/#primaryimage"},"image":{"@id":"https:\/\/cafesantahelena.com\/it\/products\/caffe-macinato-bio\/#primaryimage"},"thumbnailUrl":"https:\/\/cafesantahelena.com\/wp-content\/uploads\/2024\/07\/Specialty-coffee-ground.webp","datePublished":"2024-07-22T15:08:57+00:00","dateModified":"2025-01-25T18:07:26+00:00","description":"Caff\u00e8 speciale macinato. 100% Bio Arabica, origine singola dal Brasile. Confezione da 250g. Torrefazione Lenta Artigianale in una tostatrice a legna Grado di Tostatura: medio.","breadcrumb":{"@id":"https:\/\/cafesantahelena.com\/it\/products\/caffe-macinato-bio\/#breadcrumb"},"inLanguage":"it-IT","potentialAction":[{"@type":"ReadAction","target":["https:\/\/cafesantahelena.com\/it\/products\/caffe-macinato-bio\/"]}]},{"@type":"ImageObject","inLanguage":"it-IT","@id":"https:\/\/cafesantahelena.com\/it\/products\/caffe-macinato-bio\/#primaryimage","url":"https:\/\/cafesantahelena.com\/wp-content\/uploads\/2024\/07\/Specialty-coffee-ground.webp","contentUrl":"https:\/\/cafesantahelena.com\/wp-content\/uploads\/2024\/07\/Specialty-coffee-ground.webp","width":350,"height":450,"caption":"caff\u00e8 macinato bio"},{"@type":"BreadcrumbList","@id":"https:\/\/cafesantahelena.com\/it\/products\/caffe-macinato-bio\/#breadcrumb","itemListElement":[{"@type":"ListItem","position":1,"name":"In\u00edcio","item":"https:\/\/cafesantahelena.com\/it\/"},{"@type":"ListItem","position":2,"name":"Produtos","item":"https:\/\/cafesantahelena.com\/loja\/"},{"@type":"ListItem","position":3,"name":"Caff\u00e8 Macinato Bio"}]},{"@type":"WebSite","@id":"https:\/\/cafesantahelena.com\/#website","url":"https:\/\/cafesantahelena.com\/","name":"Caf\u00e9 Santa Helena","description":"","potentialAction":[{"@type":"SearchAction","target":{"@type":"EntryPoint","urlTemplate":"https:\/\/cafesantahelena.com\/?s={search_term_string}"},"query-input":{"@type":"PropertyValueSpecification","valueRequired":true,"valueName":"search_term_string"}}],"inLanguage":"it-IT"}]}},"_links":{"self":[{"href":"https:\/\/cafesantahelena.com\/it\/wp-json\/wp\/v2\/product\/14161","targetHints":{"allow":["GET"]}}],"collection":[{"href":"https:\/\/cafesantahelena.com\/it\/wp-json\/wp\/v2\/product"}],"about":[{"href":"https:\/\/cafesantahelena.com\/it\/wp-json\/wp\/v2\/types\/product"}],"replies":[{"embeddable":true,"href":"https:\/\/cafesantahelena.com\/it\/wp-json\/wp\/v2\/comments?post=14161"}],"wp:featuredmedia":[{"embeddable":true,"href":"https:\/\/cafesantahelena.com\/it\/wp-json\/wp\/v2\/media\/17224"}],"wp:attachment":[{"href":"https:\/\/cafesantahelena.com\/it\/wp-json\/wp\/v2\/media?parent=14161"}],"wp:term":[{"taxonomy":"product_brand","embeddable":true,"href":"https:\/\/cafesantahelena.com\/it\/wp-json\/wp\/v2\/product_brand?post=14161"},{"taxonomy":"product_cat","embeddable":true,"href":"https:\/\/cafesantahelena.com\/it\/wp-json\/wp\/v2\/product_cat?post=14161"},{"taxonomy":"product_tag","embeddable":true,"href":"https:\/\/cafesantahelena.com\/it\/wp-json\/wp\/v2\/product_tag?post=14161"}],"curies":[{"name":"wp","href":"https:\/\/api.w.org\/{rel}","templated":true}]}}